{"id":13460,"date":"2025-01-27T17:05:04","date_gmt":"2025-01-27T16:05:04","guid":{"rendered":"https:\/\/www.protectioninternational.org\/?post_type=researchpublications&#038;p=13460"},"modified":"2025-01-27T17:05:06","modified_gmt":"2025-01-27T16:05:06","slug":"cartilla-hablemos-sobre-primeros-auxilios-psicosociales-para-y-desde-mujeres-defensoras","status":"publish","type":"researchpublications","link":"https:\/\/www.protectioninternational.org\/es\/researchpublications\/cartilla-hablemos-sobre-primeros-auxilios-psicosociales-para-y-desde-mujeres-defensoras\/","title":{"rendered":"Cartilla: Hablemos sobre primeros auxilios psicosociales para y desde mujeres defensoras"},"content":{"rendered":"\n<figure class=\"wp-block-image size-large\"><img fetchpriority=\"high\" decoding=\"async\" width=\"1024\" height=\"768\" src=\"https:\/\/www.protectioninternational.org\/wp-content\/uploads\/2025\/01\/Foto-Nota-2-Web-1024x768.jpeg\" alt=\"\" class=\"wp-image-13461\" srcset=\"https:\/\/www.protectioninternational.org\/wp-content\/uploads\/2025\/01\/Foto-Nota-2-Web-1024x768.jpeg 1024w, https:\/\/www.protectioninternational.org\/wp-content\/uploads\/2025\/01\/Foto-Nota-2-Web-300x225.jpeg 300w, https:\/\/www.protectioninternational.org\/wp-content\/uploads\/2025\/01\/Foto-Nota-2-Web-768x576.jpeg 768w, https:\/\/www.protectioninternational.org\/wp-content\/uploads\/2025\/01\/Foto-Nota-2-Web-1536x1152.jpeg 1536w, https:\/\/www.protectioninternational.org\/wp-content\/uploads\/2025\/01\/Foto-Nota-2-Web.jpeg 1600w\" sizes=\"(max-width: 1024px) 100vw, 1024px\" \/><\/figure>\n\n\n\n<p><\/p>\n\n\n\n<p>Este material es una adaptaci\u00f3n del m\u00f3dulo de formaci\u00f3n en primeros auxilios psicosociales del curso en l\u00ednea <em>\u201cDefendemos: Gesti\u00f3n de Riesgo y Seguridad para Personas Defensoras de Derechos Humanos en Am\u00e9rica Latina<\/em>, desarrollado por Protection International Am\u00e9rica del Sur, y pretende ofrecer gu\u00edas para brindar primeros auxilios psicosociales, especialmente para lideresas sociales y defensoras de derechos humanos.<\/p>\n\n\n\n<p>Asimismo, las reflexiones que se encuentran en la cartilla recogen los aprendizajes de tres encuentros de fortalecimiento de capacidades psicosociales llevados a cabo durante el a\u00f1o 2024 con mujeres negras y campesinas defensoras de los derechos humanos y territoriales ubicadas en el Valle del Cauca y Cauca.<\/p>\n\n\n\n<p>Desde PI reconocemos las luchas colectivas de las organizaciones de mujeres campesinas, ind\u00edgenas y afrodescendientes en la defensa de los derechos humanos y territoriales, por lo que este material est\u00e1 dirigido a todas ellas, quienes en medio de contextos dif\u00edciles siguen trabajando por la paz y apoyan a otras mujeres en la defensa de sus derechos.<\/p>\n\n\n\n<p><strong>\u00bfQu\u00e9 podr\u00e1n encontrar en la cartilla?<\/strong><\/p>\n\n\n\n<p>Este recurso busca ayudar en la protecci\u00f3n de personas defensoras de derechos humanos, usando un enfoque de cuidado colectivo. Tambi\u00e9n ofrece pautas b\u00e1sicas para que quienes acompa\u00f1an estos procesos sepan c\u00f3mo responder en momentos de crisis emocional causados por amenazas o riesgos.<\/p>\n\n\n\n<p>Es una invitaci\u00f3n abierta a ampliar la reflexi\u00f3n sobre ese tema tan apasionante y relevante para la protecci\u00f3n integral de personas y comunidades guardianas del cuidado de la vida, de los derechos humanos y de los territorios. Sistematiza algunas estrategias para brindar apoyo a una persona, sin embargo, deja claro que es importante identificar cuando la persona se encuentra en una situaci\u00f3n que puede requerir de un acompa\u00f1amiento especializado, por su misma situaci\u00f3n de vulnerabilidad.<\/p>\n\n\n\n<p>La cartilla desarrolla tres elementos principales:<\/p>\n\n\n\n<ol class=\"wp-block-list\">\n<li>La importancia del enfoque psicosocial en la gesti\u00f3n del riesgo y la seguridad.<\/li>\n\n\n\n<li>El impacto del miedo en la seguridad y la protecci\u00f3n.<\/li>\n\n\n\n<li>Los principios b\u00e1sicos para brindar primeros auxilios psicol\u00f3gicos a una persona o colectividad.<\/li>\n<\/ol>\n\n\n\n<p><\/p>\n\n\n\n<p>Al final de cada secci\u00f3n, se incluye un punto denominado \u201c<em>Para reflexionar y conversar con otras personas<\/em>\u201d, con el objetivo de invitar a la persona lectora a reflexionar, tanto a nivel individual como con su familia o grupo, sobre elementos que faciliten la interiorizaci\u00f3n de los temas tratados.<\/p>\n\n\n\n<p>Queremos agradecer de manera especial a las organizaciones de mujeres ASOMUGUAI y ASOMAMIWATA que abrieron espacios para profundizar en los Primeros Auxilios Psicol\u00f3gicos en di\u00e1logo con sus experiencias de cuidado colectivo, resistencia y espiritualidades.<\/p>\n\n\n\n<p><em>*Este material fue posible gracias a la alianza entre Protection International (PI) Colombia y OXFAM Colombia, en el marco del Programa Voz y Liderazgo de Mujeres \u2013 Colombia, apoyado por el Gobierno de Canad\u00e1.<\/em><\/p>\n","protected":false},"featured_media":13465,"template":"","resource-tags":[167],"available-languages":[86],"locations":[],"class_list":["post-13460","researchpublications","type-researchpublications","status-publish","has-post-thumbnail","hentry","resource-tags-mujeres-defensoras-de-derechos-humanos","available-languages-spanish"],"_links":{"self":[{"href":"https:\/\/www.protectioninternational.org\/es\/wp-json\/wp\/v2\/researchpublications\/13460","targetHints":{"allow":["GET"]}}],"collection":[{"href":"https:\/\/www.protectioninternational.org\/es\/wp-json\/wp\/v2\/researchpublications"}],"about":[{"href":"https:\/\/www.protectioninternational.org\/es\/wp-json\/wp\/v2\/types\/researchpublications"}],"wp:featuredmedia":[{"embeddable":true,"href":"https:\/\/www.protectioninternational.org\/es\/wp-json\/wp\/v2\/media\/13465"}],"wp:attachment":[{"href":"https:\/\/www.protectioninternational.org\/es\/wp-json\/wp\/v2\/media?parent=13460"}],"wp:term":[{"taxonomy":"resource-tags","embeddable":true,"href":"https:\/\/www.protectioninternational.org\/es\/wp-json\/wp\/v2\/resource-tags?post=13460"},{"taxonomy":"available-languages","embeddable":true,"href":"https:\/\/www.protectioninternational.org\/es\/wp-json\/wp\/v2\/available-languages?post=13460"},{"taxonomy":"locations","embeddable":true,"href":"https:\/\/www.protectioninternational.org\/es\/wp-json\/wp\/v2\/locations?post=13460"}],"curies":[{"name":"wp","href":"https:\/\/api.w.org\/{rel}","templated":true}]}}